{"version":"1.0","provider_name":"pro O. - Liste f\u00fcr Ottensheim","provider_url":"https:\/\/proo.ottensheim.at\/html","author_name":"Klaus Hagenauer","author_url":"https:\/\/proo.ottensheim.at\/html\/author\/klaus\/","title":"proOpening proOvisorium 26. 6. 2015 - pro O. - Liste f\u00fcr Ottensheim","type":"rich","width":600,"height":338,"html":"<blockquote class=\"wp-embedded-content\" data-secret=\"dEqoQDIbpe\"><a href=\"https:\/\/proo.ottensheim.at\/html\/2015\/06\/21\/proopening-proovisorium-26-6-2015\/\">proOpening proOvisorium 26. 6. 2015<\/a><\/blockquote><iframe sandbox=\"allow-scripts\" security=\"restricted\" src=\"https:\/\/proo.ottensheim.at\/html\/2015\/06\/21\/proopening-proovisorium-26-6-2015\/embed\/#?secret=dEqoQDIbpe\" width=\"600\" height=\"338\" title=\"&#8222;proOpening proOvisorium 26. 6. 2015&#8220; &#8211; pro O. - Liste f\u00fcr Ottensheim\" data-secret=\"dEqoQDIbpe\" frameborder=\"0\" marginwidth=\"0\" marginheight=\"0\" scrolling=\"no\" class=\"wp-embedded-content\"><\/iframe><script type=\"text\/javascript\">\n\/* <![CDATA[ *\/\n\/*! This file is auto-generated *\/\n!function(d,l){\"use strict\";l.querySelector&&d.addEventListener&&\"undefined\"!=typeof URL&&(d.wp=d.wp||{},d.wp.receiveEmbedMessage||(d.wp.receiveEmbedMessage=function(e){var t=e.data;if((t||t.secret||t.message||t.value)&&!\/[^a-zA-Z0-9]\/.test(t.secret)){for(var s,r,n,a=l.querySelectorAll('iframe[data-secret=\"'+t.secret+'\"]'),o=l.querySelectorAll('blockquote[data-secret=\"'+t.secret+'\"]'),c=new RegExp(\"^https?:$\",\"i\"),i=0;i<o.length;i++)o[i].style.display=\"none\";for(i=0;i<a.length;i++)s=a[i],e.source===s.contentWindow&&(s.removeAttribute(\"style\"),\"height\"===t.message?(1e3<(r=parseInt(t.value,10))?r=1e3:~~r<200&&(r=200),s.height=r):\"link\"===t.message&&(r=new URL(s.getAttribute(\"src\")),n=new URL(t.value),c.test(n.protocol))&&n.host===r.host&&l.activeElement===s&&(d.top.location.href=t.value))}},d.addEventListener(\"message\",d.wp.receiveEmbedMessage,!1),l.addEventListener(\"DOMContentLoaded\",function(){for(var e,t,s=l.querySelectorAll(\"iframe.wp-embedded-content\"),r=0;r<s.length;r++)(t=(e=s[r]).getAttribute(\"data-secret\"))||(t=Math.random().toString(36).substring(2,12),e.src+=\"#?secret=\"+t,e.setAttribute(\"data-secret\",t)),e.contentWindow.postMessage({message:\"ready\",secret:t},\"*\")},!1)))}(window,document);\n\/\/# sourceURL=https:\/\/proo.ottensheim.at\/html\/wp-includes\/js\/wp-embed.min.js\n\/* ]]> *\/\n<\/script>\n","thumbnail_url":"https:\/\/proo.ottensheim.at\/html\/wp-content\/uploads\/2015\/06\/proOpening_visorium_2_A4-1.jpg","thumbnail_width":950,"thumbnail_height":1037,"description":"FREITAG, 26. JUNI 2015, 17:00 pro O. (er)\u00f6ffnet einen Leerstand. Wir erz\u00e4hlen von den Ideen dahinter.\u00dcber Projekte und Ideen f\u00fcr die n\u00e4chsten 6 Jahre Kommunalpolitik in Ottensheim, \u00fcber 2028 wollen wir mit Ihnen diskutieren. Au\u00dferdem wollen wir Gruppenfotos mit m\u00f6glichst vielen orangen Freundinnen und Freunden machenAlle sind herzlich eingeladen den Raum zu nutzen! Wir laden alle Interessierten ein, das proOvisorium\u00a0zu n\u00fctzen. Bei Interesse an der Nutzung oder wenn Sie ein Angebot haben, melden Sie sich bei der\u00a0proOvisorium-hotline 0677 \/ 612...Weiterlesen Weiterlesen"}