{"version":"1.0","provider_name":"pro O. - Liste f\u00fcr Ottensheim","provider_url":"https:\/\/proo.ottensheim.at\/html","author_name":"Stefan Parnreiter-Mathys","author_url":"https:\/\/proo.ottensheim.at\/html\/author\/stefan\/","title":"Nachbericht zur 5. Gemeinderatssitzung vom 21.3.22 - pro O. - Liste f\u00fcr Ottensheim","type":"rich","width":600,"height":338,"html":"<blockquote class=\"wp-embedded-content\" data-secret=\"rX9AVNBk7i\"><a href=\"https:\/\/proo.ottensheim.at\/html\/2022\/03\/24\/nachbericht-zur-5-gemeinderatssitzung-vom-21-3-22\/\">Nachbericht zur 5. Gemeinderatssitzung vom 21.3.22<\/a><\/blockquote><iframe sandbox=\"allow-scripts\" security=\"restricted\" src=\"https:\/\/proo.ottensheim.at\/html\/2022\/03\/24\/nachbericht-zur-5-gemeinderatssitzung-vom-21-3-22\/embed\/#?secret=rX9AVNBk7i\" width=\"600\" height=\"338\" title=\"&#8222;Nachbericht zur 5. Gemeinderatssitzung vom 21.3.22&#8220; &#8211; pro O. - Liste f\u00fcr Ottensheim\" data-secret=\"rX9AVNBk7i\" frameborder=\"0\" marginwidth=\"0\" marginheight=\"0\" scrolling=\"no\" class=\"wp-embedded-content\"><\/iframe><script type=\"text\/javascript\">\n\/* <![CDATA[ *\/\n\/*! This file is auto-generated *\/\n!function(d,l){\"use strict\";l.querySelector&&d.addEventListener&&\"undefined\"!=typeof URL&&(d.wp=d.wp||{},d.wp.receiveEmbedMessage||(d.wp.receiveEmbedMessage=function(e){var t=e.data;if((t||t.secret||t.message||t.value)&&!\/[^a-zA-Z0-9]\/.test(t.secret)){for(var s,r,n,a=l.querySelectorAll('iframe[data-secret=\"'+t.secret+'\"]'),o=l.querySelectorAll('blockquote[data-secret=\"'+t.secret+'\"]'),c=new RegExp(\"^https?:$\",\"i\"),i=0;i<o.length;i++)o[i].style.display=\"none\";for(i=0;i<a.length;i++)s=a[i],e.source===s.contentWindow&&(s.removeAttribute(\"style\"),\"height\"===t.message?(1e3<(r=parseInt(t.value,10))?r=1e3:~~r<200&&(r=200),s.height=r):\"link\"===t.message&&(r=new URL(s.getAttribute(\"src\")),n=new URL(t.value),c.test(n.protocol))&&n.host===r.host&&l.activeElement===s&&(d.top.location.href=t.value))}},d.addEventListener(\"message\",d.wp.receiveEmbedMessage,!1),l.addEventListener(\"DOMContentLoaded\",function(){for(var e,t,s=l.querySelectorAll(\"iframe.wp-embedded-content\"),r=0;r<s.length;r++)(t=(e=s[r]).getAttribute(\"data-secret\"))||(t=Math.random().toString(36).substring(2,12),e.src+=\"#?secret=\"+t,e.setAttribute(\"data-secret\",t)),e.contentWindow.postMessage({message:\"ready\",secret:t},\"*\")},!1)))}(window,document);\n\/\/# sourceURL=https:\/\/proo.ottensheim.at\/html\/wp-includes\/js\/wp-embed.min.js\n\/* ]]> *\/\n<\/script>\n","thumbnail_url":"https:\/\/proo.ottensheim.at\/html\/wp-content\/uploads\/2022\/03\/600px-Ottensheim_castle.jpg","thumbnail_width":600,"thumbnail_height":201,"description":"Viele zukunftsweisende und damit f\u00fcr Ottensheim zentrale Themen wurde am 21.03.2022 behandelt, hier die Highlights aus der Sitzung f\u00fcr dich zusammengefasst: Ottensheim bestellt Herrn Perndorfer Helmut (Ersatzgemeinderat der SP\u00d6) zum Rad- und Fu\u00dfverkehrsbeauftragten. Mit Teambuilding und dem Angebot der Mitarbeit durch alle Fraktionen ist dies eine gro\u00dfe Chance f\u00fcr Ottensheim. Herzlich willkommen in der neuen Rolle, lieber Helmut! Die Marktgemeinde Ottensheim wird die Initiative WILLKOMMEN OTTENSHEIM zus\u00e4tzlich mit B\u00fcror\u00e4umlichkeiten im B\u00fcrgerservice bei der Fl\u00fcchtlingshilfe unterst\u00fctzen. Beim Thema &#8222;Erweiterung der Produktionsk\u00fcche...Weiterlesen Weiterlesen"}