{"version":"1.0","provider_name":"pro O. - Liste f\u00fcr Ottensheim","provider_url":"https:\/\/proo.ottensheim.at\/html","author_name":"Johannes Reiter-Schwaighofer","author_url":"https:\/\/proo.ottensheim.at\/html\/author\/hannes\/","title":"Nachbericht zur 7. Gemeinderatssitzung am 9. Mai 2022 - pro O. - Liste f\u00fcr Ottensheim","type":"rich","width":600,"height":338,"html":"<blockquote class=\"wp-embedded-content\" data-secret=\"ilIsviOduY\"><a href=\"https:\/\/proo.ottensheim.at\/html\/2022\/05\/20\/nachbericht-zur-7-gemeinderatssitzung-am-9-mai-2022\/\">Nachbericht zur 7. Gemeinderatssitzung am 9. Mai 2022<\/a><\/blockquote><iframe sandbox=\"allow-scripts\" security=\"restricted\" src=\"https:\/\/proo.ottensheim.at\/html\/2022\/05\/20\/nachbericht-zur-7-gemeinderatssitzung-am-9-mai-2022\/embed\/#?secret=ilIsviOduY\" width=\"600\" height=\"338\" title=\"&#8222;Nachbericht zur 7. Gemeinderatssitzung am 9. Mai 2022&#8220; &#8211; pro O. - Liste f\u00fcr Ottensheim\" data-secret=\"ilIsviOduY\" frameborder=\"0\" marginwidth=\"0\" marginheight=\"0\" scrolling=\"no\" class=\"wp-embedded-content\"><\/iframe><script type=\"text\/javascript\">\n\/* <![CDATA[ *\/\n\/*! This file is auto-generated *\/\n!function(d,l){\"use strict\";l.querySelector&&d.addEventListener&&\"undefined\"!=typeof URL&&(d.wp=d.wp||{},d.wp.receiveEmbedMessage||(d.wp.receiveEmbedMessage=function(e){var t=e.data;if((t||t.secret||t.message||t.value)&&!\/[^a-zA-Z0-9]\/.test(t.secret)){for(var s,r,n,a=l.querySelectorAll('iframe[data-secret=\"'+t.secret+'\"]'),o=l.querySelectorAll('blockquote[data-secret=\"'+t.secret+'\"]'),c=new RegExp(\"^https?:$\",\"i\"),i=0;i<o.length;i++)o[i].style.display=\"none\";for(i=0;i<a.length;i++)s=a[i],e.source===s.contentWindow&&(s.removeAttribute(\"style\"),\"height\"===t.message?(1e3<(r=parseInt(t.value,10))?r=1e3:~~r<200&&(r=200),s.height=r):\"link\"===t.message&&(r=new URL(s.getAttribute(\"src\")),n=new URL(t.value),c.test(n.protocol))&&n.host===r.host&&l.activeElement===s&&(d.top.location.href=t.value))}},d.addEventListener(\"message\",d.wp.receiveEmbedMessage,!1),l.addEventListener(\"DOMContentLoaded\",function(){for(var e,t,s=l.querySelectorAll(\"iframe.wp-embedded-content\"),r=0;r<s.length;r++)(t=(e=s[r]).getAttribute(\"data-secret\"))||(t=Math.random().toString(36).substring(2,12),e.src+=\"#?secret=\"+t,e.setAttribute(\"data-secret\",t)),e.contentWindow.postMessage({message:\"ready\",secret:t},\"*\")},!1)))}(window,document);\n\/\/# sourceURL=https:\/\/proo.ottensheim.at\/html\/wp-includes\/js\/wp-embed.min.js\n\/* ]]> *\/\n<\/script>\n","thumbnail_url":"https:\/\/proo.ottensheim.at\/html\/wp-content\/uploads\/2017\/09\/cropped-20_Jahre_proO_15-1.jpg","thumbnail_width":1600,"thumbnail_height":401,"description":"Viele grundlegende Themen wurde am 09.05.2022 behandelt, hier die Highlights aus der Sitzung f\u00fcr dich zusammengefasst: Konrad Stockinger (pro O.) und Manuel Wasicek (\u00d6VP) wurden zu EU-Gemeinder\u00e4ten ernannt. In dieser ehrenamtlichen Aufgabe geht es darum, sich auf EU-Ebene gezielt zu vernetzen und sich \u00fcber interessante Entwicklungen und Themen f\u00fcr unsere Gemeinde zu informieren. Gemeinsam mit der \u00d6sterreichischen Glasfaser-Infrastrukturgesellschaft (\u00f6GIG) erfolgt demn\u00e4chst (am 20. Juli) eine Infoveranstaltung zum Thema Glasfaserausbau. Das gesamte Projekt ist fu\u0308r die Gemeinde Ottensheim (u.a. Goldw\u00f6rth) kostenfrei...Weiterlesen Weiterlesen"}