{"version":"1.0","provider_name":"pro O. - Liste f\u00fcr Ottensheim","provider_url":"https:\/\/proo.ottensheim.at\/html","author_name":"Johannes Reiter-Schwaighofer","author_url":"https:\/\/proo.ottensheim.at\/html\/author\/hannes\/","title":"pro O. Statement zum Hotelprojekt am Schlossberg - pro O. - Liste f\u00fcr Ottensheim","type":"rich","width":600,"height":338,"html":"<blockquote class=\"wp-embedded-content\" data-secret=\"ySTzt7KfxC\"><a href=\"https:\/\/proo.ottensheim.at\/html\/2026\/03\/05\/pro-o-statement-zum-hotelprojekt-am-schlossberg\/\">pro O. Statement zum Hotelprojekt am Schlossberg<\/a><\/blockquote><iframe sandbox=\"allow-scripts\" security=\"restricted\" src=\"https:\/\/proo.ottensheim.at\/html\/2026\/03\/05\/pro-o-statement-zum-hotelprojekt-am-schlossberg\/embed\/#?secret=ySTzt7KfxC\" width=\"600\" height=\"338\" title=\"&#8222;pro O. Statement zum Hotelprojekt am Schlossberg&#8220; &#8211; pro O. - Liste f\u00fcr Ottensheim\" data-secret=\"ySTzt7KfxC\" frameborder=\"0\" marginwidth=\"0\" marginheight=\"0\" scrolling=\"no\" class=\"wp-embedded-content\"><\/iframe><script type=\"text\/javascript\">\n\/* <![CDATA[ *\/\n\/*! This file is auto-generated *\/\n!function(d,l){\"use strict\";l.querySelector&&d.addEventListener&&\"undefined\"!=typeof URL&&(d.wp=d.wp||{},d.wp.receiveEmbedMessage||(d.wp.receiveEmbedMessage=function(e){var t=e.data;if((t||t.secret||t.message||t.value)&&!\/[^a-zA-Z0-9]\/.test(t.secret)){for(var s,r,n,a=l.querySelectorAll('iframe[data-secret=\"'+t.secret+'\"]'),o=l.querySelectorAll('blockquote[data-secret=\"'+t.secret+'\"]'),c=new RegExp(\"^https?:$\",\"i\"),i=0;i<o.length;i++)o[i].style.display=\"none\";for(i=0;i<a.length;i++)s=a[i],e.source===s.contentWindow&&(s.removeAttribute(\"style\"),\"height\"===t.message?(1e3<(r=parseInt(t.value,10))?r=1e3:~~r<200&&(r=200),s.height=r):\"link\"===t.message&&(r=new URL(s.getAttribute(\"src\")),n=new URL(t.value),c.test(n.protocol))&&n.host===r.host&&l.activeElement===s&&(d.top.location.href=t.value))}},d.addEventListener(\"message\",d.wp.receiveEmbedMessage,!1),l.addEventListener(\"DOMContentLoaded\",function(){for(var e,t,s=l.querySelectorAll(\"iframe.wp-embedded-content\"),r=0;r<s.length;r++)(t=(e=s[r]).getAttribute(\"data-secret\"))||(t=Math.random().toString(36).substring(2,12),e.src+=\"#?secret=\"+t,e.setAttribute(\"data-secret\",t)),e.contentWindow.postMessage({message:\"ready\",secret:t},\"*\")},!1)))}(window,document);\n\/\/# sourceURL=https:\/\/proo.ottensheim.at\/html\/wp-includes\/js\/wp-embed.min.js\n\/* ]]> *\/\n<\/script>\n","description":"Eine Entwicklung dieses Areals kann nur dann unterst\u00fctzt werden, wenn sie einen klaren Mehrwert f\u00fcr die Bev\u00f6lkerung schafft. Das Grundst\u00fcck ist touristisch gewidmet \u2013 daraus entsteht jedoch kein Freibrief f\u00fcr eine Bebauung ohne umfassende Folgeabsch\u00e4tzung. Geplant sind 100 Zimmer, die laut Sch\u00e4tzungen bis zu 600 Verkehrsbewegungen pro Tag mit sich bringen. Diese m\u00fcssten \u00fcber die Nikolaus-Ambos-Stra\u00dfe und die J\u00f6rgerstrasse erfolgen, also an der Volksschule vorbei und durch eine Stra\u00dfe die nur in Teilbereichen \u00fcber einen Gehsteig verf\u00fcgt. Weiterlesen Weiterlesen","thumbnail_url":"https:\/\/proo.ottensheim.at\/html\/wp-content\/uploads\/2026\/03\/proO-MiT-CLAiM-1-2021-sRGB.png","thumbnail_width":1000,"thumbnail_height":219}