{"version":"1.0","provider_name":"pro O. - Liste f\u00fcr Ottensheim","provider_url":"https:\/\/proo.ottensheim.at\/html","author_name":"Johannes Reiter-Schwaighofer","author_url":"https:\/\/proo.ottensheim.at\/html\/author\/hannes\/","title":"Michaela Kaineder &#8211; unsere B\u00fcrgermeister-Kandidatin - pro O. - Liste f\u00fcr Ottensheim","type":"rich","width":600,"height":338,"html":"<blockquote class=\"wp-embedded-content\" data-secret=\"SaZ4x27VbA\"><a href=\"https:\/\/proo.ottensheim.at\/html\/michaela-kaineder\/\">Michaela Kaineder &#8211; unsere B\u00fcrgermeister-Kandidatin<\/a><\/blockquote><iframe sandbox=\"allow-scripts\" security=\"restricted\" src=\"https:\/\/proo.ottensheim.at\/html\/michaela-kaineder\/embed\/#?secret=SaZ4x27VbA\" width=\"600\" height=\"338\" title=\"&#8222;Michaela Kaineder &#8211; unsere B\u00fcrgermeister-Kandidatin&#8220; &#8211; pro O. - Liste f\u00fcr Ottensheim\" data-secret=\"SaZ4x27VbA\" frameborder=\"0\" marginwidth=\"0\" marginheight=\"0\" scrolling=\"no\" class=\"wp-embedded-content\"><\/iframe><script type=\"text\/javascript\">\n\/* <![CDATA[ *\/\n\/*! This file is auto-generated *\/\n!function(d,l){\"use strict\";l.querySelector&&d.addEventListener&&\"undefined\"!=typeof URL&&(d.wp=d.wp||{},d.wp.receiveEmbedMessage||(d.wp.receiveEmbedMessage=function(e){var t=e.data;if((t||t.secret||t.message||t.value)&&!\/[^a-zA-Z0-9]\/.test(t.secret)){for(var s,r,n,a=l.querySelectorAll('iframe[data-secret=\"'+t.secret+'\"]'),o=l.querySelectorAll('blockquote[data-secret=\"'+t.secret+'\"]'),c=new RegExp(\"^https?:$\",\"i\"),i=0;i<o.length;i++)o[i].style.display=\"none\";for(i=0;i<a.length;i++)s=a[i],e.source===s.contentWindow&&(s.removeAttribute(\"style\"),\"height\"===t.message?(1e3<(r=parseInt(t.value,10))?r=1e3:~~r<200&&(r=200),s.height=r):\"link\"===t.message&&(r=new URL(s.getAttribute(\"src\")),n=new URL(t.value),c.test(n.protocol))&&n.host===r.host&&l.activeElement===s&&(d.top.location.href=t.value))}},d.addEventListener(\"message\",d.wp.receiveEmbedMessage,!1),l.addEventListener(\"DOMContentLoaded\",function(){for(var e,t,s=l.querySelectorAll(\"iframe.wp-embedded-content\"),r=0;r<s.length;r++)(t=(e=s[r]).getAttribute(\"data-secret\"))||(t=Math.random().toString(36).substring(2,12),e.src+=\"#?secret=\"+t,e.setAttribute(\"data-secret\",t)),e.contentWindow.postMessage({message:\"ready\",secret:t},\"*\")},!1)))}(window,document);\n\/\/# sourceURL=https:\/\/proo.ottensheim.at\/html\/wp-includes\/js\/wp-embed.min.js\n\/* ]]> *\/\n<\/script>\n","description":"Tonmitschnitte von der Infoverstaltung am 21. November im Gemeindesaal: \u201eWarum m\u00f6chtest du B\u00fcrgermeisterin werden?\u201c \u201eWof\u00fcr stehst du?\u201c \u201eWelche Erwartungen hast du an das B\u00fcrgermeisterinnenamt?\u201c \u201eWie siehst du die aktuell angespannte Finanzsituation der Gemeinde?\u201c \u201eWie stellst du dir die Zusammenarbeit mit dem Land vor?\u201c \u201eWie siehst du den Hochwasserschutz bzw. den Lebensraum an der Donau?\u201c \u201eWie stehst du zu den Leerst\u00e4nden im Ortszentrum?\u201c \u201eWie m\u00f6chtest du Kinder in die Entscheidungsprozesse einbinden?\u201c Ober\u00f6sterreichische NachrichtenKaineder wirbt f\u00fcr einen OrtsbusKaineder tritt bei B\u00fcrgermeisterwahl f\u00fcr...Weiterlesen Weiterlesen","thumbnail_url":"https:\/\/proo.ottensheim.at\/html\/wp-content\/uploads\/2022\/12\/BRiEF-2-BGM-Wahl22-850x1200-sRGB-724x1024.png"}