{"id":3793,"date":"2024-07-11T11:08:38","date_gmt":"2024-07-11T09:08:38","guid":{"rendered":"https:\/\/proo.ottensheim.at\/html\/?page_id=3793"},"modified":"2024-07-11T11:51:18","modified_gmt":"2024-07-11T09:51:18","slug":"gemeindepaket-2024","status":"publish","type":"page","link":"https:\/\/proo.ottensheim.at\/html\/gemeindepaket-2024\/","title":{"rendered":"Gemeindepaket 2024: Das L\u00f6cherstopfen geht munter weiter"},"content":{"rendered":"\n<p>Im Juni 2024 pr\u00e4sentierte die Bundesregierung ein neues Gemeindepaket, welches Anfang Juli im Parlament beschlossen wurde: <strong>1,3 Mrd. Euro f\u00fcr die Gemeinden<\/strong>, davon <strong>920 Mio. Euro als &#8222;frisches&#8220; Geld<\/strong> sollen die schwierigen Rahmenbedingungen f\u00fcr die Gemeinden verbessern.<\/p>\n\n\n\n<p>Ungef\u00e4hr ein halbes Jahr nach Abschluss des Finanzausgleichs f\u00fcr die Periode 2024 bis 2028 muss also schon wieder Geld an die Gemeinden ausgesch\u00fcttet werden, weil die Ausgaben schneller steigen als die Einnahmen. Das ist zun\u00e4chst einmal ein Grund zur Freude f\u00fcr die finanziell ausgehungerten Kommunen.<\/p>\n\n\n\n<p>Gleichzeitig zeigt es aber sehr sch\u00f6n, <strong>wie schlecht das Ergebnis des Finanzausgleichs f\u00fcr die Gemeinden ausgefallen ist<\/strong>. Jeder wusste, dass die Gemeinden dabei \u00fcber den Tisch gezogen wurden. Um den Unmut in den Gemeinden nicht allzu gro\u00df werden zu lassen, sah sich auch das Land O\u00d6 im April 2024 gezwungen, wieder Sondermittel auszusch\u00fctten und jetzt muss der Bund also auch noch einmal nachlegen.<\/p>\n\n\n\n<blockquote class=\"wp-block-quote is-layout-flow wp-block-quote-is-layout-flow\">\n<p><em>Wenn es innerhalb von 5 Jahren 4 Entlastungspakete vom Land O\u00d6 und 3 Investitionsprogramme\/Gemeindepakete von Bund braucht, dann zeigt das gut, auf welch wackeligen Beinen die Gemeindefinanzierung steht. Langfristige Planungssicherheit sieht anders aus.<\/em><\/p>\n<\/blockquote>\n\n\n\n<h3 class=\"wp-block-heading\">Die Eckpunkte des Gemeindepaketes:<\/h3>\n\n\n\n<ul class=\"wp-block-list\">\n<li>Im J\u00e4nner 2025 werden den Gemeinden zus\u00e4tzlich 300 Millionen Euro \u00fcberweisen. <strong>Umgerechnet auf Ottensheim d\u00fcrften dies nicht ganz 160.000 Euro* sein.<\/strong> <br><br><\/li>\n\n\n\n<li>Kommunales Investitionsprogramm (KIP) 2025: Wie schon 2020 und 2023 gibt das KIP auch 2025 wieder, wobei der Eigenfinanzierungsanteil von 50 % auf 20 % gesenkt wurde. Das ist nat\u00fcrlich auch positiv zu sehen, da zB beim KIP 2025 viele Gemeinden das Geld nicht abholen konnen, weil sie nicht genug Eigenmittel aufbringen konnten. <strong>F\u00fcr Ottensheim d\u00fcrfte dies ca. 260.000 Euro* ausmachen.<\/strong><br><br><\/li>\n\n\n\n<li>KIP 2023: Dieses l\u00e4uft jetzt doch nicht Ende 2024, sondern 2026 aus. In Summe sind 6 Monate vor Ablauf der Antragsfrist noch immer 400 Mio. nicht abgeholt (von insgesamt 1 Mrd.). Der Grund hierf\u00fcr ist oftmals (wie schon oben erw\u00e4hnt), dass Gemeinden den Eigenmittelanteil nicht mehr aufstellen k\u00f6nnen. <strong>Ottensheim hat bisher auch erst einen kleinen Anteil der KIP 2023 Mittel abgeholt (Poly PV-Anlage), allerdings ist der Rest bis Jahresende verplant<\/strong> &#8211; zB Sanierung der J\u00f6rgerstra\u00dfe.<br><br><\/li>\n\n\n\n<li>Digitaler \u00dcbergang: 120 Mio. auf vier Jahre verteilt sollen &#8222;f\u00fcr die leichtere Handhabe der ID-Austria eigene Registrierstellen oder Digital-Ansprechpartner einrichten&#8220;. Details sind hier noch unklar, allerdings klingt das auch verd\u00e4chtig nach Mehraufwand f\u00fcr die Gemeinden.<br><\/li>\n<\/ul>\n\n\n\n<p>Die Experten des Zentrum f\u00fcr Verwaltungsforschung (KDZ) sehen in ihrer aktuellen Gemeindefinanzprognose (die das neue Gemeindepaket ber\u00fccksichtigt) folgende Probleme <sup>(1<\/sup>:<\/p>\n\n\n\n<ul class=\"wp-block-list\">\n<li><strong>Nachhaltig geschw\u00e4chte Liquidit\u00e4t der Gemeinden<\/strong><\/li>\n\n\n\n<li><strong>Gemeindepaket 2024 st\u00fctzt Liquidit\u00e4t unzureichend<\/strong><\/li>\n\n\n\n<li><strong>Umlagen haben kritisches Ma\u00df \u00fcberschritten<\/strong><\/li>\n\n\n\n<li><strong>Notwendige Investitionen werden nur mit Neuverschuldung m\u00f6glich sein<\/strong><\/li>\n\n\n\n<li><strong>Weitere Anstrengungen von Bund, L\u00e4ndern und Gemeinden notwendig&nbsp;<\/strong><\/li>\n<\/ul>\n\n\n\n<p>Die folgende Grafik zeigt sch\u00f6n, wie die Umlagen den Spielraum der Gemeinden immer weiter einschr\u00e4nken (Quelle: KDZ):<\/p>\n\n\n\n<figure class=\"wp-block-image size-full\"><img loading=\"lazy\" decoding=\"async\" width=\"970\" height=\"441\" src=\"https:\/\/proo.ottensheim.at\/html\/wp-content\/uploads\/2024\/07\/Anteil-an-Umlagen-an-den-Ertragsanteilen-sowie-verbleibende-Mittel.png\" alt=\"\" class=\"wp-image-3809\" srcset=\"https:\/\/proo.ottensheim.at\/html\/wp-content\/uploads\/2024\/07\/Anteil-an-Umlagen-an-den-Ertragsanteilen-sowie-verbleibende-Mittel.png 970w, https:\/\/proo.ottensheim.at\/html\/wp-content\/uploads\/2024\/07\/Anteil-an-Umlagen-an-den-Ertragsanteilen-sowie-verbleibende-Mittel-300x136.png 300w, https:\/\/proo.ottensheim.at\/html\/wp-content\/uploads\/2024\/07\/Anteil-an-Umlagen-an-den-Ertragsanteilen-sowie-verbleibende-Mittel-768x349.png 768w, https:\/\/proo.ottensheim.at\/html\/wp-content\/uploads\/2024\/07\/Anteil-an-Umlagen-an-den-Ertragsanteilen-sowie-verbleibende-Mittel-594x270.png 594w\" sizes=\"auto, (max-width: 970px) 100vw, 970px\" \/><\/figure>\n\n\n\n<hr class=\"wp-block-separator has-alpha-channel-opacity\"\/>\n\n\n\n<h3 class=\"wp-block-heading\">Was bedeutet das konkret f\u00fcr Ottensheim?<\/h3>\n\n\n\n<p>Wie das KDZ schon erw\u00e4hnt hat, treffen uns die hohen Steigerungen im Gesundheits- und Sozialbereich, bei den Personal- und Energiekosten, w\u00e4hrend die Ertragsanteile nicht mehr im gleichen Ausma\u00df steigen. Unterm Strich bleibt der Gemeinde<strong> j\u00e4hrlich mehr als 600.000 Euro weniger &#8222;Spielraum&#8220;<\/strong> im Vergleich zu 2020:<\/p>\n\n\n\n<div class=\"wp-block-columns is-layout-flex wp-container-core-columns-is-layout-9d6595d7 wp-block-columns-is-layout-flex\">\n<div class=\"wp-block-column is-layout-flow wp-block-column-is-layout-flow\" style=\"flex-basis:100%\">\n<div class=\"wp-block-columns is-layout-flex wp-container-core-columns-is-layout-9d6595d7 wp-block-columns-is-layout-flex\">\n<div class=\"wp-block-column is-layout-flow wp-block-column-is-layout-flow\" style=\"flex-basis:100%\">\n<figure class=\"wp-block-table has-small-font-size\"><table><tbody><tr><td><\/td><td class=\"has-text-align-right\" data-align=\"right\">2020<\/td><td class=\"has-text-align-right\" data-align=\"right\">2024 (Voranschlag)<\/td><td class=\"has-text-align-right\" data-align=\"right\">Differenz<\/td><td class=\"has-text-align-right\" data-align=\"right\">Differenz in %<\/td><\/tr><tr><td>Laufende Transferzahlungen f. Alten- u. Pflegeheime<\/td><td class=\"has-text-align-right\" data-align=\"right\">&#8211; 1.222.335 \u20ac<\/td><td class=\"has-text-align-right\" data-align=\"right\">&#8211; 1.469.800 \u20ac<\/td><td class=\"has-text-align-right\" data-align=\"right\">&#8211; 247.465 \u20ac<\/td><td class=\"has-text-align-right\" data-align=\"right\">+ 20 %<\/td><\/tr><tr><td>Krankenanstaltenbeitr\u00e4ge an das Land<\/td><td class=\"has-text-align-right\" data-align=\"right\">&#8211; 1.138.268 \u20ac<\/td><td class=\"has-text-align-right\" data-align=\"right\">&#8211; 1.589.600 \u20ac<\/td><td class=\"has-text-align-right\" data-align=\"right\">&#8211; 451.332 \u20ac<\/td><td class=\"has-text-align-right\" data-align=\"right\">+ 40 %<\/td><\/tr><tr><td>Landesumlage<\/td><td class=\"has-text-align-right\" data-align=\"right\"> &#8211; 205.003 \u20ac<\/td><td class=\"has-text-align-right\" data-align=\"right\"> &#8211; 274.200 \u20ac<\/td><td class=\"has-text-align-right\" data-align=\"right\">&#8211; 69.197 \u20ac<\/td><td class=\"has-text-align-right\" data-align=\"right\">+ 34 %<\/td><\/tr><tr><td>Personalkosten<\/td><td class=\"has-text-align-right\" data-align=\"right\">&#8211; 3.097.756 \u20ac<\/td><td class=\"has-text-align-right\" data-align=\"right\">&#8211; 4.189.500 \u20ac<\/td><td class=\"has-text-align-right\" data-align=\"right\">&#8211; 1.091.744 \u20ac<\/td><td class=\"has-text-align-right\" data-align=\"right\">+ 35 %<\/td><\/tr><tr><td>Energiekosten (Ktnr. 600)<\/td><td class=\"has-text-align-right\" data-align=\"right\">&#8211; 118.057 \u20ac<\/td><td class=\"has-text-align-right\" data-align=\"right\">&#8211; 270.200 \u20ac<\/td><td class=\"has-text-align-right\" data-align=\"right\">-152.143 \u20ac<\/td><td class=\"has-text-align-right\" data-align=\"right\">+ 129 %<\/td><\/tr><tr><td>Ertragsanteile<\/td><td class=\"has-text-align-right\" data-align=\"right\">+ 3.838.321 \u20ac<\/td><td class=\"has-text-align-right\" data-align=\"right\">+ 5.125.900 \u20ac<\/td><td class=\"has-text-align-right\" data-align=\"right\">+ 1.287.579 \u20ac<\/td><td class=\"has-text-align-right\" data-align=\"right\">+ 34 %<\/td><\/tr><tr><td>Kommunalsteuer<\/td><td class=\"has-text-align-right\" data-align=\"right\"> + 975.880 \u20ac<\/td><td class=\"has-text-align-right\" data-align=\"right\"> + 1.098.100 \u20ac<\/td><td class=\"has-text-align-right\" data-align=\"right\">+ 122.220 \u20ac<\/td><td class=\"has-text-align-right\" data-align=\"right\">+13 %<\/td><\/tr><tr><td><strong>Gesamt<\/strong><\/td><td class=\"has-text-align-right\" data-align=\"right\"><strong>&#8211; 967.218 \u20ac<\/strong><\/td><td class=\"has-text-align-right\" data-align=\"right\"><strong>&#8211; 1.569.300 \u20ac<\/strong><\/td><td class=\"has-text-align-right\" data-align=\"right\"><strong>&#8211; 602.082<\/strong> \u20ac<\/td><td class=\"has-text-align-right\" data-align=\"right\"><\/td><\/tr><\/tbody><\/table><figcaption class=\"wp-element-caption\">Entwicklung der wichtiger Budgetpositionen der MG Ottensheim 2020 &#8211; 2024 (VA)<\/figcaption><\/figure>\n<\/div>\n<\/div>\n<\/div>\n<\/div>\n\n\n\n<p>Solange sich Bund und L\u00e4nder nicht zu keiner echten Reform der Gemeindefinanzierung durchringen k\u00f6nnen, wird das &#8222;L\u00f6cherstopfen&#8220; also munter weiter gehen. Dabei w\u00fcrden sinnvolle Vorschl\u00e4ge seit Jahren auf dem Tisch liegen &#8211; zur Umsetzung fehlt aber der politische Wille. Es gibt leider keinen Grund zu Optimismus.<\/p>\n\n\n<div class=\"wp-block-image is-style-rounded\">\n<figure class=\"alignright size-full is-resized\"><img loading=\"lazy\" decoding=\"async\" width=\"533\" height=\"533\" src=\"https:\/\/proo.ottensheim.at\/html\/wp-content\/uploads\/2021\/08\/07_Hannes_REiTER-SCHWAiGHOFER_L07_5752_\u00a9BiLL_sRGB.jpg\" alt=\"\" class=\"wp-image-2641\" style=\"object-fit:cover;width:100px;height:100px\" srcset=\"https:\/\/proo.ottensheim.at\/html\/wp-content\/uploads\/2021\/08\/07_Hannes_REiTER-SCHWAiGHOFER_L07_5752_\u00a9BiLL_sRGB.jpg 533w, https:\/\/proo.ottensheim.at\/html\/wp-content\/uploads\/2021\/08\/07_Hannes_REiTER-SCHWAiGHOFER_L07_5752_\u00a9BiLL_sRGB-300x300.jpg 300w, https:\/\/proo.ottensheim.at\/html\/wp-content\/uploads\/2021\/08\/07_Hannes_REiTER-SCHWAiGHOFER_L07_5752_\u00a9BiLL_sRGB-150x150.jpg 150w, https:\/\/proo.ottensheim.at\/html\/wp-content\/uploads\/2021\/08\/07_Hannes_REiTER-SCHWAiGHOFER_L07_5752_\u00a9BiLL_sRGB-270x270.jpg 270w\" sizes=\"auto, (max-width: 533px) 100vw, 533px\" \/><\/figure>\n<\/div>\n\n\n<p class=\"has-text-align-right\">von Johannes Reiter-Schwaighofer <br>Gemeindevorstand,<br>Mitglied im Finanz- und Wirtschaftsauschuss<\/p>\n\n\n\n<hr class=\"wp-block-separator has-alpha-channel-opacity\"\/>\n\n\n\n<p>*) Berechnungsformel der Anteile f\u00fcr Ottensheim: Aussch\u00fcttungsbetrag \/ 9,1 Mio. Einwohner * 4.800 Einwohner Ottensheim<\/p>\n\n\n\n<h2 class=\"wp-block-heading\">Quellen:<\/h2>\n\n\n\n<ul class=\"wp-block-list\">\n<li><a href=\"https:\/\/www.bmf.gv.at\/presse\/pressemeldungen\/2024\/juni\/gemeindepaket.html\">Neues Gemeindepaket bringt 1,3 Mrd. Euro<\/a><\/li>\n\n\n\n<li><a href=\"https:\/\/gemeindebund.at\/gemeindebund-praesident-pressl-begruesst-hilfspaket-fuer-oesterreichs-gemeinden\/\">Gemeindebund-Pr\u00e4sident Pressl begr\u00fc\u00dft Hilfspaket f\u00fcr \u00d6sterreichs Gemeinden<\/a><\/li>\n\n\n\n<li><a href=\"https:\/\/www.ooevp.at\/daheim\/artikel\/land-ooe-entlastet-gemeinden-und-staedte\/\">O\u00d6 Gemeindepakete (\u00d6VP)<\/a> <\/li>\n\n\n\n<li>[1] <a href=\"https:\/\/www.kdz.eu\/de\/aktuelles\/blog\/gemeindefinanzprognose-trotz-zusaetzlichem-gemeindepaket-weiterhin-kritische\" target=\"_blank\" rel=\"noreferrer noopener\">Gemeindefinanzprognose: Trotz zus\u00e4tzlichem Gemeindepaket weiterhin kritische Finanzsituation bei Gemeinden (KDZ)<\/a><\/li>\n\n\n\n<li><a href=\"https:\/\/www.parlament.gv.at\/dokument\/budgetdienst\/analysen-zu-gesetzen\/BD-Gemeindepaket-2024.pdf\">Gemeindepaket 2024 &#8211; Analyse des Budgetdienstes<\/a><\/li>\n\n\n\n<li><a href=\"https:\/\/www.parlament.gv.at\/dokument\/budgetdienst\/analysen-zu-gesetzen\/BD-Finanzausgleich-2024.pdf\">Finanzausgleich 2024 &#8211; Analyse des Budgetdienstes<\/a><\/li>\n\n\n\n<li><a href=\"https:\/\/www.kommunalnet.at\/ertragsanteile\/\">Ertragsanteilvorsch\u00fcsse (Kommunalnet)<\/a><\/li>\n<\/ul>\n<div class=\"shariff shariff-align-center shariff-widget-align-left\" data-services=\"facebook\" data-url=\"https:\/\/proo.ottensheim.at\/html\/gemeindepaket-2024\/\" data-timestamp=\"1720698678\" data-hidezero=\"1\" data-backendurl=\"https:\/\/proo.ottensheim.at\/html\/wp-json\/shariff\/v1\/share_counts?\"><ul class=\"shariff-buttons theme-white orientation-horizontal buttonsize-small\"><li class=\"shariff-button facebook shariff-nocustomcolor\" style=\"background-color:#4273c8\"><a href=\"https:\/\/www.facebook.com\/sharer\/sharer.php?u=https%3A%2F%2Fproo.ottensheim.at%2Fhtml%2Fgemeindepaket-2024%2F\" title=\"Bei Facebook teilen\" aria-label=\"Bei Facebook teilen\" role=\"button\" rel=\"nofollow\" class=\"shariff-link\" style=\"; background-color:#3b5998; color:#3b5998\" target=\"_blank\"><span class=\"shariff-icon\" style=\"fill:#3b5998\"><svg width=\"32px\" height=\"20px\" xmlns=\"http:\/\/www.w3.org\/2000\/svg\" viewBox=\"0 0 18 32\"><path fill=\"#3b5998\" d=\"M17.1 0.2v4.7h-2.8q-1.5 0-2.1 0.6t-0.5 1.9v3.4h5.2l-0.7 5.3h-4.5v13.6h-5.5v-13.6h-4.5v-5.3h4.5v-3.9q0-3.3 1.9-5.2t5-1.8q2.6 0 4.1 0.2z\"\/><\/svg><\/span><span class=\"shariff-text\" style=\"color:#3b5998\">teilen<\/span>&nbsp;<span data-service=\"facebook\" style=\"color:#3b5998\" class=\"shariff-count shariff-hidezero\"><\/span>&nbsp;<\/a><\/li><li class=\"shariff-button bluesky shariff-nocustomcolor\" style=\"background-color:#84c4ff\"><a href=\"https:\/\/bsky.app\/intent\/compose?text=Gemeindepaket%202024%3A%20Das%20L%C3%B6cherstopfen%20geht%20munter%20weiter https%3A%2F%2Fproo.ottensheim.at%2Fhtml%2Fgemeindepaket-2024%2F \" title=\"Bei Bluesky teilen\" aria-label=\"Bei Bluesky teilen\" role=\"button\" rel=\"noopener nofollow\" class=\"shariff-link\" style=\"; background-color:#0085ff; color:#0085ff\" target=\"_blank\"><span class=\"shariff-icon\" style=\"fill:#0085ff\"><svg width=\"20\" height=\"20\" version=\"1.1\" xmlns=\"http:\/\/www.w3.org\/2000\/svg\" viewBox=\"0 0 20 20\"><path class=\"st0\" d=\"M4.89,3.12c2.07,1.55,4.3,4.71,5.11,6.4.82-1.69,3.04-4.84,5.11-6.4,1.49-1.12,3.91-1.99,3.91.77,0,.55-.32,4.63-.5,5.3-.64,2.3-2.99,2.89-5.08,2.54,3.65.62,4.58,2.68,2.57,4.74-3.81,3.91-5.48-.98-5.9-2.23-.08-.23-.11-.34-.12-.25,0-.09-.04.02-.12.25-.43,1.25-2.09,6.14-5.9,2.23-2.01-2.06-1.08-4.12,2.57-4.74-2.09.36-4.44-.23-5.08-2.54-.19-.66-.5-4.74-.5-5.3,0-2.76,2.42-1.89,3.91-.77h0Z\"\/><\/svg><\/span><span class=\"shariff-text\" style=\"color:#0085ff\">teilen<\/span>&nbsp;<\/a><\/li><li class=\"shariff-button whatsapp shariff-nocustomcolor shariff-mobile\" style=\"background-color:#5cbe4a\"><a href=\"https:\/\/api.whatsapp.com\/send?text=https%3A%2F%2Fproo.ottensheim.at%2Fhtml%2Fgemeindepaket-2024%2F%20Gemeindepaket%202024%3A%20Das%20L%C3%B6cherstopfen%20geht%20munter%20weiter\" title=\"Bei Whatsapp teilen\" aria-label=\"Bei Whatsapp teilen\" role=\"button\" rel=\"noopener nofollow\" class=\"shariff-link\" style=\"; background-color:#34af23; color:#34af23\" target=\"_blank\"><span class=\"shariff-icon\" style=\"fill:#34af23\"><svg width=\"32px\" height=\"20px\" xmlns=\"http:\/\/www.w3.org\/2000\/svg\" viewBox=\"0 0 32 32\"><path fill=\"#34af23\" d=\"M17.6 17.4q0.2 0 1.7 0.8t1.6 0.9q0 0.1 0 0.3 0 0.6-0.3 1.4-0.3 0.7-1.3 1.2t-1.8 0.5q-1 0-3.4-1.1-1.7-0.8-3-2.1t-2.6-3.3q-1.3-1.9-1.3-3.5v-0.1q0.1-1.6 1.3-2.8 0.4-0.4 0.9-0.4 0.1 0 0.3 0t0.3 0q0.3 0 0.5 0.1t0.3 0.5q0.1 0.4 0.6 1.6t0.4 1.3q0 0.4-0.6 1t-0.6 0.8q0 0.1 0.1 0.3 0.6 1.3 1.8 2.4 1 0.9 2.7 1.8 0.2 0.1 0.4 0.1 0.3 0 1-0.9t0.9-0.9zM14 26.9q2.3 0 4.3-0.9t3.6-2.4 2.4-3.6 0.9-4.3-0.9-4.3-2.4-3.6-3.6-2.4-4.3-0.9-4.3 0.9-3.6 2.4-2.4 3.6-0.9 4.3q0 3.6 2.1 6.6l-1.4 4.2 4.3-1.4q2.8 1.9 6.2 1.9zM14 2.2q2.7 0 5.2 1.1t4.3 2.9 2.9 4.3 1.1 5.2-1.1 5.2-2.9 4.3-4.3 2.9-5.2 1.1q-3.5 0-6.5-1.7l-7.4 2.4 2.4-7.2q-1.9-3.2-1.9-6.9 0-2.7 1.1-5.2t2.9-4.3 4.3-2.9 5.2-1.1z\"\/><\/svg><\/span><span class=\"shariff-text\" style=\"color:#34af23\">teilen<\/span>&nbsp;<\/a><\/li><li class=\"shariff-button mailto shariff-nocustomcolor\" style=\"background-color:#a8a8a8\"><a href=\"mailto:?body=https%3A%2F%2Fproo.ottensheim.at%2Fhtml%2Fgemeindepaket-2024%2F&subject=Gemeindepaket%202024%3A%20Das%20L%C3%B6cherstopfen%20geht%20munter%20weiter\" title=\"Per E-Mail versenden\" aria-label=\"Per E-Mail versenden\" role=\"button\" rel=\"noopener nofollow\" class=\"shariff-link\" style=\"; background-color:#999; color:#999\"><span class=\"shariff-icon\" style=\"fill:#999\"><svg width=\"32px\" height=\"20px\" xmlns=\"http:\/\/www.w3.org\/2000\/svg\" viewBox=\"0 0 32 32\"><path fill=\"#999\" d=\"M32 12.7v14.2q0 1.2-0.8 2t-2 0.9h-26.3q-1.2 0-2-0.9t-0.8-2v-14.2q0.8 0.9 1.8 1.6 6.5 4.4 8.9 6.1 1 0.8 1.6 1.2t1.7 0.9 2 0.4h0.1q0.9 0 2-0.4t1.7-0.9 1.6-1.2q3-2.2 8.9-6.1 1-0.7 1.8-1.6zM32 7.4q0 1.4-0.9 2.7t-2.2 2.2q-6.7 4.7-8.4 5.8-0.2 0.1-0.7 0.5t-1 0.7-0.9 0.6-1.1 0.5-0.9 0.2h-0.1q-0.4 0-0.9-0.2t-1.1-0.5-0.9-0.6-1-0.7-0.7-0.5q-1.6-1.1-4.7-3.2t-3.6-2.6q-1.1-0.7-2.1-2t-1-2.5q0-1.4 0.7-2.3t2.1-0.9h26.3q1.2 0 2 0.8t0.9 2z\"\/><\/svg><\/span><span class=\"shariff-text\" style=\"color:#999\">E-Mail<\/span>&nbsp;<\/a><\/li><\/ul><\/div>","protected":false},"excerpt":{"rendered":"<p>Im Juni 2024 pr\u00e4sentierte die Bundesregierung ein neues Gemeindepaket, welches Anfang Juli im Parlament beschlossen wurde: 1,3 Mrd. Euro f\u00fcr die Gemeinden, davon 920 Mio. Euro als &#8222;frisches&#8220; Geld sollen die schwierigen Rahmenbedingungen f\u00fcr die Gemeinden verbessern. Ungef\u00e4hr ein halbes Jahr nach Abschluss des Finanzausgleichs f\u00fcr die Periode 2024 bis 2028 muss also schon wieder Geld an die Gemeinden ausgesch\u00fcttet werden, weil die Ausgaben schneller steigen als die Einnahmen. Das ist zun\u00e4chst einmal ein Grund zur Freude f\u00fcr die finanziell&#8230;<\/p>\n<p class=\"read-more\"><a class=\"btn btn-default\" href=\"https:\/\/proo.ottensheim.at\/html\/gemeindepaket-2024\/\">Weiterlesen<span class=\"screen-reader-text\"> Weiterlesen<\/span><\/a><\/p>\n<div class=\"shariff shariff-align-center shariff-widget-align-left\" data-services=\"facebook\" data-url=\"https:\/\/proo.ottensheim.at\/html\/gemeindepaket-2024\/\" data-timestamp=\"1720698678\" data-hidezero=\"1\" data-backendurl=\"https:\/\/proo.ottensheim.at\/html\/wp-json\/shariff\/v1\/share_counts?\"><ul class=\"shariff-buttons theme-white orientation-horizontal buttonsize-small\"><li class=\"shariff-button facebook shariff-nocustomcolor\" style=\"background-color:#4273c8\"><a href=\"https:\/\/www.facebook.com\/sharer\/sharer.php?u=https%3A%2F%2Fproo.ottensheim.at%2Fhtml%2Fgemeindepaket-2024%2F\" title=\"Bei Facebook teilen\" aria-label=\"Bei Facebook teilen\" role=\"button\" rel=\"nofollow\" class=\"shariff-link\" style=\"; background-color:#3b5998; color:#3b5998\" target=\"_blank\"><span class=\"shariff-icon\" style=\"fill:#3b5998\"><svg width=\"32px\" height=\"20px\" xmlns=\"http:\/\/www.w3.org\/2000\/svg\" viewBox=\"0 0 18 32\"><path fill=\"#3b5998\" d=\"M17.1 0.2v4.7h-2.8q-1.5 0-2.1 0.6t-0.5 1.9v3.4h5.2l-0.7 5.3h-4.5v13.6h-5.5v-13.6h-4.5v-5.3h4.5v-3.9q0-3.3 1.9-5.2t5-1.8q2.6 0 4.1 0.2z\"\/><\/svg><\/span><span class=\"shariff-text\" style=\"color:#3b5998\">teilen<\/span>&nbsp;<span data-service=\"facebook\" style=\"color:#3b5998\" class=\"shariff-count shariff-hidezero\"><\/span>&nbsp;<\/a><\/li><li class=\"shariff-button bluesky shariff-nocustomcolor\" style=\"background-color:#84c4ff\"><a href=\"https:\/\/bsky.app\/intent\/compose?text=Gemeindepaket%202024%3A%20Das%20L%C3%B6cherstopfen%20geht%20munter%20weiter https%3A%2F%2Fproo.ottensheim.at%2Fhtml%2Fgemeindepaket-2024%2F \" title=\"Bei Bluesky teilen\" aria-label=\"Bei Bluesky teilen\" role=\"button\" rel=\"noopener nofollow\" class=\"shariff-link\" style=\"; background-color:#0085ff; color:#0085ff\" target=\"_blank\"><span class=\"shariff-icon\" style=\"fill:#0085ff\"><svg width=\"20\" height=\"20\" version=\"1.1\" xmlns=\"http:\/\/www.w3.org\/2000\/svg\" viewBox=\"0 0 20 20\"><path class=\"st0\" d=\"M4.89,3.12c2.07,1.55,4.3,4.71,5.11,6.4.82-1.69,3.04-4.84,5.11-6.4,1.49-1.12,3.91-1.99,3.91.77,0,.55-.32,4.63-.5,5.3-.64,2.3-2.99,2.89-5.08,2.54,3.65.62,4.58,2.68,2.57,4.74-3.81,3.91-5.48-.98-5.9-2.23-.08-.23-.11-.34-.12-.25,0-.09-.04.02-.12.25-.43,1.25-2.09,6.14-5.9,2.23-2.01-2.06-1.08-4.12,2.57-4.74-2.09.36-4.44-.23-5.08-2.54-.19-.66-.5-4.74-.5-5.3,0-2.76,2.42-1.89,3.91-.77h0Z\"\/><\/svg><\/span><span class=\"shariff-text\" style=\"color:#0085ff\">teilen<\/span>&nbsp;<\/a><\/li><li class=\"shariff-button whatsapp shariff-nocustomcolor shariff-mobile\" style=\"background-color:#5cbe4a\"><a href=\"https:\/\/api.whatsapp.com\/send?text=https%3A%2F%2Fproo.ottensheim.at%2Fhtml%2Fgemeindepaket-2024%2F%20Gemeindepaket%202024%3A%20Das%20L%C3%B6cherstopfen%20geht%20munter%20weiter\" title=\"Bei Whatsapp teilen\" aria-label=\"Bei Whatsapp teilen\" role=\"button\" rel=\"noopener nofollow\" class=\"shariff-link\" style=\"; background-color:#34af23; color:#34af23\" target=\"_blank\"><span class=\"shariff-icon\" style=\"fill:#34af23\"><svg width=\"32px\" height=\"20px\" xmlns=\"http:\/\/www.w3.org\/2000\/svg\" viewBox=\"0 0 32 32\"><path fill=\"#34af23\" d=\"M17.6 17.4q0.2 0 1.7 0.8t1.6 0.9q0 0.1 0 0.3 0 0.6-0.3 1.4-0.3 0.7-1.3 1.2t-1.8 0.5q-1 0-3.4-1.1-1.7-0.8-3-2.1t-2.6-3.3q-1.3-1.9-1.3-3.5v-0.1q0.1-1.6 1.3-2.8 0.4-0.4 0.9-0.4 0.1 0 0.3 0t0.3 0q0.3 0 0.5 0.1t0.3 0.5q0.1 0.4 0.6 1.6t0.4 1.3q0 0.4-0.6 1t-0.6 0.8q0 0.1 0.1 0.3 0.6 1.3 1.8 2.4 1 0.9 2.7 1.8 0.2 0.1 0.4 0.1 0.3 0 1-0.9t0.9-0.9zM14 26.9q2.3 0 4.3-0.9t3.6-2.4 2.4-3.6 0.9-4.3-0.9-4.3-2.4-3.6-3.6-2.4-4.3-0.9-4.3 0.9-3.6 2.4-2.4 3.6-0.9 4.3q0 3.6 2.1 6.6l-1.4 4.2 4.3-1.4q2.8 1.9 6.2 1.9zM14 2.2q2.7 0 5.2 1.1t4.3 2.9 2.9 4.3 1.1 5.2-1.1 5.2-2.9 4.3-4.3 2.9-5.2 1.1q-3.5 0-6.5-1.7l-7.4 2.4 2.4-7.2q-1.9-3.2-1.9-6.9 0-2.7 1.1-5.2t2.9-4.3 4.3-2.9 5.2-1.1z\"\/><\/svg><\/span><span class=\"shariff-text\" style=\"color:#34af23\">teilen<\/span>&nbsp;<\/a><\/li><li class=\"shariff-button mailto shariff-nocustomcolor\" style=\"background-color:#a8a8a8\"><a href=\"mailto:?body=https%3A%2F%2Fproo.ottensheim.at%2Fhtml%2Fgemeindepaket-2024%2F&subject=Gemeindepaket%202024%3A%20Das%20L%C3%B6cherstopfen%20geht%20munter%20weiter\" title=\"Per E-Mail versenden\" aria-label=\"Per E-Mail versenden\" role=\"button\" rel=\"noopener nofollow\" class=\"shariff-link\" style=\"; background-color:#999; color:#999\"><span class=\"shariff-icon\" style=\"fill:#999\"><svg width=\"32px\" height=\"20px\" xmlns=\"http:\/\/www.w3.org\/2000\/svg\" viewBox=\"0 0 32 32\"><path fill=\"#999\" d=\"M32 12.7v14.2q0 1.2-0.8 2t-2 0.9h-26.3q-1.2 0-2-0.9t-0.8-2v-14.2q0.8 0.9 1.8 1.6 6.5 4.4 8.9 6.1 1 0.8 1.6 1.2t1.7 0.9 2 0.4h0.1q0.9 0 2-0.4t1.7-0.9 1.6-1.2q3-2.2 8.9-6.1 1-0.7 1.8-1.6zM32 7.4q0 1.4-0.9 2.7t-2.2 2.2q-6.7 4.7-8.4 5.8-0.2 0.1-0.7 0.5t-1 0.7-0.9 0.6-1.1 0.5-0.9 0.2h-0.1q-0.4 0-0.9-0.2t-1.1-0.5-0.9-0.6-1-0.7-0.7-0.5q-1.6-1.1-4.7-3.2t-3.6-2.6q-1.1-0.7-2.1-2t-1-2.5q0-1.4 0.7-2.3t2.1-0.9h26.3q1.2 0 2 0.8t0.9 2z\"\/><\/svg><\/span><span class=\"shariff-text\" style=\"color:#999\">E-Mail<\/span>&nbsp;<\/a><\/li><\/ul><\/div>","protected":false},"author":1,"featured_media":0,"parent":0,"menu_order":0,"comment_status":"closed","ping_status":"closed","template":"","meta":{"footnotes":""},"class_list":["post-3793","page","type-page","status-publish","hentry"],"yoast_head":"<!-- This site is optimized with the Yoast SEO plugin v27.4 - https:\/\/yoast.com\/product\/yoast-seo-wordpress\/ -->\n<title>Gemeindepaket 2024: Das L\u00f6cherstopfen geht munter weiter - pro O. - Liste f\u00fcr Ottensheim<\/title>\n<meta name=\"robots\" content=\"index, follow, max-snippet:-1, max-image-preview:large, max-video-preview:-1\" \/>\n<link rel=\"canonical\" href=\"https:\/\/proo.ottensheim.at\/html\/gemeindepaket-2024\/\" \/>\n<meta property=\"og:locale\" content=\"de_DE\" \/>\n<meta property=\"og:type\" content=\"article\" \/>\n<meta property=\"og:title\" content=\"Gemeindepaket 2024: Das L\u00f6cherstopfen geht munter weiter - pro O. - Liste f\u00fcr Ottensheim\" \/>\n<meta property=\"og:description\" content=\"Im Juni 2024 pr\u00e4sentierte die Bundesregierung ein neues Gemeindepaket, welches Anfang Juli im Parlament beschlossen wurde: 1,3 Mrd. Euro f\u00fcr die Gemeinden, davon 920 Mio. Euro als &#8222;frisches&#8220; Geld sollen die schwierigen Rahmenbedingungen f\u00fcr die Gemeinden verbessern. Ungef\u00e4hr ein halbes Jahr nach Abschluss des Finanzausgleichs f\u00fcr die Periode 2024 bis 2028 muss also schon wieder Geld an die Gemeinden ausgesch\u00fcttet werden, weil die Ausgaben schneller steigen als die Einnahmen. Das ist zun\u00e4chst einmal ein Grund zur Freude f\u00fcr die finanziell...Weiterlesen Weiterlesen\" \/>\n<meta property=\"og:url\" content=\"https:\/\/proo.ottensheim.at\/html\/gemeindepaket-2024\/\" \/>\n<meta property=\"og:site_name\" content=\"pro O. - Liste f\u00fcr Ottensheim\" \/>\n<meta property=\"article:publisher\" content=\"https:\/\/www.facebook.com\/pro-O-liste-f%c3%bcr-ottensheim-667971543238442\/\" \/>\n<meta property=\"article:modified_time\" content=\"2024-07-11T09:51:18+00:00\" \/>\n<meta property=\"og:image\" content=\"https:\/\/proo.ottensheim.at\/html\/wp-content\/uploads\/2024\/07\/Anteil-an-Umlagen-an-den-Ertragsanteilen-sowie-verbleibende-Mittel.png\" \/>\n<meta name=\"twitter:card\" content=\"summary_large_image\" \/>\n<meta name=\"twitter:site\" content=\"@proO_Ottensheim\" \/>\n<meta name=\"twitter:label1\" content=\"Gesch\u00e4tzte Lesezeit\" \/>\n\t<meta name=\"twitter:data1\" content=\"5\u00a0Minuten\" \/>\n<script type=\"application\/ld+json\" class=\"yoast-schema-graph\">{\"@context\":\"https:\\\/\\\/schema.org\",\"@graph\":[{\"@type\":\"WebPage\",\"@id\":\"https:\\\/\\\/proo.ottensheim.at\\\/html\\\/gemeindepaket-2024\\\/\",\"url\":\"https:\\\/\\\/proo.ottensheim.at\\\/html\\\/gemeindepaket-2024\\\/\",\"name\":\"Gemeindepaket 2024: Das L\u00f6cherstopfen geht munter weiter - pro O. - Liste f\u00fcr Ottensheim\",\"isPartOf\":{\"@id\":\"https:\\\/\\\/proo.ottensheim.at\\\/html\\\/#website\"},\"primaryImageOfPage\":{\"@id\":\"https:\\\/\\\/proo.ottensheim.at\\\/html\\\/gemeindepaket-2024\\\/#primaryimage\"},\"image\":{\"@id\":\"https:\\\/\\\/proo.ottensheim.at\\\/html\\\/gemeindepaket-2024\\\/#primaryimage\"},\"thumbnailUrl\":\"https:\\\/\\\/proo.ottensheim.at\\\/html\\\/wp-content\\\/uploads\\\/2024\\\/07\\\/Anteil-an-Umlagen-an-den-Ertragsanteilen-sowie-verbleibende-Mittel.png\",\"datePublished\":\"2024-07-11T09:08:38+00:00\",\"dateModified\":\"2024-07-11T09:51:18+00:00\",\"breadcrumb\":{\"@id\":\"https:\\\/\\\/proo.ottensheim.at\\\/html\\\/gemeindepaket-2024\\\/#breadcrumb\"},\"inLanguage\":\"de\",\"potentialAction\":[{\"@type\":\"ReadAction\",\"target\":[\"https:\\\/\\\/proo.ottensheim.at\\\/html\\\/gemeindepaket-2024\\\/\"]}]},{\"@type\":\"ImageObject\",\"inLanguage\":\"de\",\"@id\":\"https:\\\/\\\/proo.ottensheim.at\\\/html\\\/gemeindepaket-2024\\\/#primaryimage\",\"url\":\"https:\\\/\\\/proo.ottensheim.at\\\/html\\\/wp-content\\\/uploads\\\/2024\\\/07\\\/Anteil-an-Umlagen-an-den-Ertragsanteilen-sowie-verbleibende-Mittel.png\",\"contentUrl\":\"https:\\\/\\\/proo.ottensheim.at\\\/html\\\/wp-content\\\/uploads\\\/2024\\\/07\\\/Anteil-an-Umlagen-an-den-Ertragsanteilen-sowie-verbleibende-Mittel.png\",\"width\":970,\"height\":441},{\"@type\":\"BreadcrumbList\",\"@id\":\"https:\\\/\\\/proo.ottensheim.at\\\/html\\\/gemeindepaket-2024\\\/#breadcrumb\",\"itemListElement\":[{\"@type\":\"ListItem\",\"position\":1,\"name\":\"Startseite\",\"item\":\"https:\\\/\\\/proo.ottensheim.at\\\/html\\\/\"},{\"@type\":\"ListItem\",\"position\":2,\"name\":\"Gemeindepaket 2024: Das L\u00f6cherstopfen geht munter weiter\"}]},{\"@type\":\"WebSite\",\"@id\":\"https:\\\/\\\/proo.ottensheim.at\\\/html\\\/#website\",\"url\":\"https:\\\/\\\/proo.ottensheim.at\\\/html\\\/\",\"name\":\"pro O. - Liste f\u00fcr Ottensheim\",\"description\":\"\",\"publisher\":{\"@id\":\"https:\\\/\\\/proo.ottensheim.at\\\/html\\\/#organization\"},\"potentialAction\":[{\"@type\":\"SearchAction\",\"target\":{\"@type\":\"EntryPoint\",\"urlTemplate\":\"https:\\\/\\\/proo.ottensheim.at\\\/html\\\/?s={search_term_string}\"},\"query-input\":{\"@type\":\"PropertyValueSpecification\",\"valueRequired\":true,\"valueName\":\"search_term_string\"}}],\"inLanguage\":\"de\"},{\"@type\":\"Organization\",\"@id\":\"https:\\\/\\\/proo.ottensheim.at\\\/html\\\/#organization\",\"name\":\"pro 0. - Liste f\u00fcr Ottensheim\",\"url\":\"https:\\\/\\\/proo.ottensheim.at\\\/html\\\/\",\"logo\":{\"@type\":\"ImageObject\",\"inLanguage\":\"de\",\"@id\":\"https:\\\/\\\/proo.ottensheim.at\\\/html\\\/#\\\/schema\\\/logo\\\/image\\\/\",\"url\":\"https:\\\/\\\/proo.ottensheim.at\\\/html\\\/wp-content\\\/uploads\\\/2017\\\/12\\\/O.-Logo-131x133-1.png\",\"contentUrl\":\"https:\\\/\\\/proo.ottensheim.at\\\/html\\\/wp-content\\\/uploads\\\/2017\\\/12\\\/O.-Logo-131x133-1.png\",\"width\":131,\"height\":133,\"caption\":\"pro 0. - Liste f\u00fcr Ottensheim\"},\"image\":{\"@id\":\"https:\\\/\\\/proo.ottensheim.at\\\/html\\\/#\\\/schema\\\/logo\\\/image\\\/\"},\"sameAs\":[\"https:\\\/\\\/www.facebook.com\\\/pro-O-liste-f\u00fcr-ottensheim-667971543238442\\\/\",\"https:\\\/\\\/x.com\\\/proO_Ottensheim\"]}]}<\/script>\n<!-- \/ Yoast SEO plugin. -->","yoast_head_json":{"title":"Gemeindepaket 2024: Das L\u00f6cherstopfen geht munter weiter - pro O. - Liste f\u00fcr Ottensheim","robots":{"index":"index","follow":"follow","max-snippet":"max-snippet:-1","max-image-preview":"max-image-preview:large","max-video-preview":"max-video-preview:-1"},"canonical":"https:\/\/proo.ottensheim.at\/html\/gemeindepaket-2024\/","og_locale":"de_DE","og_type":"article","og_title":"Gemeindepaket 2024: Das L\u00f6cherstopfen geht munter weiter - pro O. - Liste f\u00fcr Ottensheim","og_description":"Im Juni 2024 pr\u00e4sentierte die Bundesregierung ein neues Gemeindepaket, welches Anfang Juli im Parlament beschlossen wurde: 1,3 Mrd. Euro f\u00fcr die Gemeinden, davon 920 Mio. Euro als &#8222;frisches&#8220; Geld sollen die schwierigen Rahmenbedingungen f\u00fcr die Gemeinden verbessern. Ungef\u00e4hr ein halbes Jahr nach Abschluss des Finanzausgleichs f\u00fcr die Periode 2024 bis 2028 muss also schon wieder Geld an die Gemeinden ausgesch\u00fcttet werden, weil die Ausgaben schneller steigen als die Einnahmen. Das ist zun\u00e4chst einmal ein Grund zur Freude f\u00fcr die finanziell...Weiterlesen Weiterlesen","og_url":"https:\/\/proo.ottensheim.at\/html\/gemeindepaket-2024\/","og_site_name":"pro O. - Liste f\u00fcr Ottensheim","article_publisher":"https:\/\/www.facebook.com\/pro-O-liste-f%c3%bcr-ottensheim-667971543238442\/","article_modified_time":"2024-07-11T09:51:18+00:00","og_image":[{"url":"https:\/\/proo.ottensheim.at\/html\/wp-content\/uploads\/2024\/07\/Anteil-an-Umlagen-an-den-Ertragsanteilen-sowie-verbleibende-Mittel.png","type":"","width":"","height":""}],"twitter_card":"summary_large_image","twitter_site":"@proO_Ottensheim","twitter_misc":{"Gesch\u00e4tzte Lesezeit":"5\u00a0Minuten"},"schema":{"@context":"https:\/\/schema.org","@graph":[{"@type":"WebPage","@id":"https:\/\/proo.ottensheim.at\/html\/gemeindepaket-2024\/","url":"https:\/\/proo.ottensheim.at\/html\/gemeindepaket-2024\/","name":"Gemeindepaket 2024: Das L\u00f6cherstopfen geht munter weiter - pro O. - Liste f\u00fcr Ottensheim","isPartOf":{"@id":"https:\/\/proo.ottensheim.at\/html\/#website"},"primaryImageOfPage":{"@id":"https:\/\/proo.ottensheim.at\/html\/gemeindepaket-2024\/#primaryimage"},"image":{"@id":"https:\/\/proo.ottensheim.at\/html\/gemeindepaket-2024\/#primaryimage"},"thumbnailUrl":"https:\/\/proo.ottensheim.at\/html\/wp-content\/uploads\/2024\/07\/Anteil-an-Umlagen-an-den-Ertragsanteilen-sowie-verbleibende-Mittel.png","datePublished":"2024-07-11T09:08:38+00:00","dateModified":"2024-07-11T09:51:18+00:00","breadcrumb":{"@id":"https:\/\/proo.ottensheim.at\/html\/gemeindepaket-2024\/#breadcrumb"},"inLanguage":"de","potentialAction":[{"@type":"ReadAction","target":["https:\/\/proo.ottensheim.at\/html\/gemeindepaket-2024\/"]}]},{"@type":"ImageObject","inLanguage":"de","@id":"https:\/\/proo.ottensheim.at\/html\/gemeindepaket-2024\/#primaryimage","url":"https:\/\/proo.ottensheim.at\/html\/wp-content\/uploads\/2024\/07\/Anteil-an-Umlagen-an-den-Ertragsanteilen-sowie-verbleibende-Mittel.png","contentUrl":"https:\/\/proo.ottensheim.at\/html\/wp-content\/uploads\/2024\/07\/Anteil-an-Umlagen-an-den-Ertragsanteilen-sowie-verbleibende-Mittel.png","width":970,"height":441},{"@type":"BreadcrumbList","@id":"https:\/\/proo.ottensheim.at\/html\/gemeindepaket-2024\/#breadcrumb","itemListElement":[{"@type":"ListItem","position":1,"name":"Startseite","item":"https:\/\/proo.ottensheim.at\/html\/"},{"@type":"ListItem","position":2,"name":"Gemeindepaket 2024: Das L\u00f6cherstopfen geht munter weiter"}]},{"@type":"WebSite","@id":"https:\/\/proo.ottensheim.at\/html\/#website","url":"https:\/\/proo.ottensheim.at\/html\/","name":"pro O. - Liste f\u00fcr Ottensheim","description":"","publisher":{"@id":"https:\/\/proo.ottensheim.at\/html\/#organization"},"potentialAction":[{"@type":"SearchAction","target":{"@type":"EntryPoint","urlTemplate":"https:\/\/proo.ottensheim.at\/html\/?s={search_term_string}"},"query-input":{"@type":"PropertyValueSpecification","valueRequired":true,"valueName":"search_term_string"}}],"inLanguage":"de"},{"@type":"Organization","@id":"https:\/\/proo.ottensheim.at\/html\/#organization","name":"pro 0. - Liste f\u00fcr Ottensheim","url":"https:\/\/proo.ottensheim.at\/html\/","logo":{"@type":"ImageObject","inLanguage":"de","@id":"https:\/\/proo.ottensheim.at\/html\/#\/schema\/logo\/image\/","url":"https:\/\/proo.ottensheim.at\/html\/wp-content\/uploads\/2017\/12\/O.-Logo-131x133-1.png","contentUrl":"https:\/\/proo.ottensheim.at\/html\/wp-content\/uploads\/2017\/12\/O.-Logo-131x133-1.png","width":131,"height":133,"caption":"pro 0. - Liste f\u00fcr Ottensheim"},"image":{"@id":"https:\/\/proo.ottensheim.at\/html\/#\/schema\/logo\/image\/"},"sameAs":["https:\/\/www.facebook.com\/pro-O-liste-f\u00fcr-ottensheim-667971543238442\/","https:\/\/x.com\/proO_Ottensheim"]}]}},"_links":{"self":[{"href":"https:\/\/proo.ottensheim.at\/html\/wp-json\/wp\/v2\/pages\/3793","targetHints":{"allow":["GET"]}}],"collection":[{"href":"https:\/\/proo.ottensheim.at\/html\/wp-json\/wp\/v2\/pages"}],"about":[{"href":"https:\/\/proo.ottensheim.at\/html\/wp-json\/wp\/v2\/types\/page"}],"author":[{"embeddable":true,"href":"https:\/\/proo.ottensheim.at\/html\/wp-json\/wp\/v2\/users\/1"}],"replies":[{"embeddable":true,"href":"https:\/\/proo.ottensheim.at\/html\/wp-json\/wp\/v2\/comments?post=3793"}],"version-history":[{"count":30,"href":"https:\/\/proo.ottensheim.at\/html\/wp-json\/wp\/v2\/pages\/3793\/revisions"}],"predecessor-version":[{"id":3858,"href":"https:\/\/proo.ottensheim.at\/html\/wp-json\/wp\/v2\/pages\/3793\/revisions\/3858"}],"wp:attachment":[{"href":"https:\/\/proo.ottensheim.at\/html\/wp-json\/wp\/v2\/media?parent=3793"}],"curies":[{"name":"wp","href":"https:\/\/api.w.org\/{rel}","templated":true}]}}